{"id":380,"date":"2016-05-01T09:48:51","date_gmt":"2016-05-01T09:48:51","guid":{"rendered":"http:\/\/www.kullasund.se\/index.php\/?page_id=380"},"modified":"2026-02-17T12:48:58","modified_gmt":"2026-02-17T12:48:58","slug":"boka-gastrummet-2","status":"publish","type":"page","link":"https:\/\/www.kullasund.se\/index.php\/boka-gastrummet-2\/","title":{"rendered":"Boka \u00f6vernattningsrummet"},"content":{"rendered":"<p>H\u00e4r har du som medlem m\u00f6jlighet att boka f\u00f6reningens\u00a0gemensamma g\u00e4strum i B-huset f\u00f6r \u00f6vernattning.<\/p>\n<p><b><i>2026-02-17: bokning av \u00f6vernattningsrummet \u00e4r \u00e5terigen m\u00f6jlig. D\u00e5 det f\u00f6rekommit m\u00f6gel i lokalen ber vi samtliga bes\u00f6kare vara uppm\u00e4rksamma p\u00e5 om ytterligare fuktskador p\u00e5tr\u00e4ffas. Om nya fuktskador p\u00e5tr\u00e4ffas ska styrelsen mailas.\u00a0<\/i><\/b><\/p>\n<p>N\u00e4r du bokar syns ett fel &#8221;<em>ajax send error<\/em>&#8221; eller liknande.<\/p>\n<p>Var lugn, f\u00f6rfr\u00e5gan skickas till styrelsen trots felmeddelande, men skicka g\u00e4rna ett mail till <strong>brfkullasund@outlook.com <\/strong>med din bokning, s\u00e5 ser vi den tidigare.<br \/>\nN\u00e4r bokningen\/datumet \u00e4r r\u00f6d \u00e4r \u00e4rendet hanterat \/ Styrelsen<\/p>\n<h2><strong>Regler och rutiner vid hyra av \u00f6vernattningsl\u00e4genhet<\/strong><\/h2>\n<ul>\n<li>V\u00e5r \u00f6vernattningslokal f\u00e5r hyras av g\u00e4ster till boende i Brf Kullasund i Vaxholm. Rummet f\u00e5r hyras\/bokas maximalt 7 dagar i f\u00f6ljd.<\/li>\n<li>Hyrestiden \u00e4r fr\u00e5n klockan 12.00 till klockan 12.00 p\u00e5f\u00f6ljande dag.<\/li>\n<li>Sj\u00e4lvklart f\u00e5r du g\u00f6ra frukost och enklare f\u00f6rt\u00e4ring. <b>Matlagning \u00e4r inte till\u00e5ten<\/b> d\u00e5 det inte finns n\u00e5gon k\u00f6ksfl\u00e4kt installerad.<\/li>\n<li>P\u00e5 grund av allergier f\u00e5r man inte ha husdjur i rummet.<\/li>\n<li>Rummet skall anv\u00e4ndas som \u00f6vernattningsrum, och man f\u00e5r inte f\u00f6ra h\u00f6ga ljud f\u00f6re kl 08:00 och efter kl 22:00.<\/li>\n<li>Lakan och handdukar ing\u00e5r ej.<\/li>\n<li>Hyran \u00e4r <b>200 kr\/dygn<\/b> och betalas i f\u00f6rskott enligt n\u00e5got av alternativen nedan:Konto hos Swedbank: 8327-9, 983 109 271-4.<br \/>\nSwish: 123 180 77 91.M\u00e4rk betalningen med datum f\u00f6r f\u00f6rsta hyresdag och l\u00e4genhetsnummer.<\/li>\n<li>Nyckel f\u00e5s mot uppvisat bankkvitto, swishbetalning eller datorutskrift som bekr\u00e4ftar betalningen.<\/li>\n<li>Du st\u00e4dar sj\u00e4lv. Efter anv\u00e4ndandet skall porslin vara diskat, s\u00e4ngar iordningst\u00e4llda, toalett och golv rena. Ej godk\u00e4nd st\u00e4dning, skadeg\u00f6relse, annan \u00e5verkan eller f\u00f6rlust av nycklar ers\u00e4tts av den som hyr lokalen.<\/li>\n<li>Lokalen ska vara st\u00e4dad och utrymd senast kl 12 efter sista \u00f6vernattning. D\u00e4refter l\u00e4mnas nyckeln tillbaka enligt \u00f6verenskommelse.<\/li>\n<li>R\u00f6kning \u00e4r inte till\u00e5ten, eventuell sanering debiteras hyrestecknaren. Endast medlem utan skuld till f\u00f6reningen f\u00e5r hyra lokalen.<\/li>\n<\/ul>\n<p><i>Vi i styrelsen \u00f6nskar er en trevlig vistelse i \u00f6vernattningslokalen!<\/i><\/p>\n<p><b>Boka i formul\u00e4ret nedan<\/b><br \/>\nVid bokning beh\u00f6ver du inte boka utcheckningsdagen, d\u00e5 en dags bokning g\u00e4ller fram till 12.00 efterf\u00f6ljande dag.<\/p>\n <div id=\"form_id1020246436384\"  class=\"wpbc_container wpbc_form wpbc_container_booking_form  \" ><form  id=\"booking_form1\"   class=\"booking_form vertical\" method=\"post\" action=\"\"><div id=\"ajax_respond_insert1\" class=\"ajax_respond_insert\" style=\"display:none;\"><\/div><a name=\"bklnk1\" id=\"bklnk1\"><\/a><div id=\"booking_form_div1\" class=\"booking_form_div\"><style type=\"text\/css\">.wpbc_container_booking_form .block_hints, .wpbc_booking_form_simple.wpbc_form_center .wpbc__form__div .wpbc__row.wpbc_r_calendar,  .wpbc_booking_form_simple .wpbc__form__div .wpbc__row:not(.wpbc_r_calendar){max-width:;} <\/style>\n<div class=\"wpbc_booking_form_simple \">\n    <div class=\"wpbc__form__div\">\n\t<div class=\"wpbc_r_calendar wpbc__row\">\n      <div class=\"wpbc_r_calendar wpbc__field\"> <div class=\"wpbc_calendar_wraper wpbc_change_over_triangle wpbc_calendar_skin_legacy\"><div class=\"wpbc_cal_container bk_calendar_frame wpbc_no_custom_width  months_num_in_row_ cal_month_num_1 wpbc_timeslot_day_bg_as_available\" style=\"\"><div id=\"calendar_booking1\">Kalendern laddas...<\/div><\/div><div style=\"font-size:7px;text-align:left;margin:0 0 10px;text-shadow: none;\">Powered by <a href=\"https:\/\/wpbookingcalendar.com\" style=\"font-size:7px;\" target=\"_blank\" title=\"Booking Calendar plugin for WordPress\">Booking Calendar<\/a><\/div><textarea id=\"date_booking1\" name=\"date_booking1\" autocomplete=\"off\" style=\"display:none;\"><\/textarea><\/div><\/div>\n\t<\/div>\n\t<div class=\"wpbc__row\">\n      <div class=\"wpbc_r_name wpbc__field\">  <label for=\"name1\">Ditt namn*<\/label><br>   <input type=\"text\" name=\"name1\" id=\"name1\" class=\"input-xlarge wpdev-validates-as-required\" \/><\/div>\n\t<\/div>\n\t<div class=\"wpbc__row\">\n      <div class=\"wpbc_r_secondname wpbc__field\">  <label for=\"secondname1\">Din (medlemmens) gatuadress*<\/label><br>   <input type=\"text\" name=\"secondname1\" id=\"secondname1\" class=\"input-xlarge wpdev-validates-as-required\" \/><\/div>\n\t<\/div>\n\t<div class=\"wpbc__row\">\n      <div class=\"wpbc_r_email wpbc__field\">  <label for=\"email1\">Email*<\/label><br>   <input type=\"email\" name=\"email1\" id=\"email1\" class=\"input-xlarge wpdev-validates-as-email wpdev-validates-as-required wpdev-validates-as-required\" \/><\/div>\n\t<\/div>\n\t<div class=\"wpbc__row\">\n      <div class=\"wpbc_r_phone wpbc__field\">  <label for=\"phone1\">Telefonnr<\/label><br>   <input type=\"text\" name=\"phone1\" id=\"phone1\" class=\"input-xlarge\" \/><\/div>\n\t<\/div>\n\t<div class=\"wpbc__row\">\n      <div class=\"wpbc_r_details wpbc__field\">  <label for=\"details1\">Meddelande: ange n\u00e4r betalning har genomf\u00f6rts<\/label><br>   <textarea  rows=\"3\" name=\"details1\" id=\"details1\" class=\"input-xlarge\" ><\/textarea><\/div>\n\t<\/div>\n\t<div class=\"wpbc__row\">\n      <div class=\"wpbc_r_captcha wpbc__field\"> <\/div>\n\t<\/div>\n\t<div class=\"wpbc__row\">\n      <div class=\"wpbc_r_submit wpbc__field\"> <button class=\"wpbc_button_light\" type=\"button\" onclick=\"mybooking_submit(this.form,1,'sv_SE');\" >Skicka<\/button>\n<\/div>\n\t<\/div>\n    <\/div>\n<\/div><input id=\"bk_type1\" name=\"bk_type1\" class=\"\" type=\"hidden\" value=\"1\" \/><\/div><div id=\"submiting1\"><\/div><div class=\"form_bk_messages\" id=\"form_bk_messages1\" ><\/div><input type=\"hidden\" id=\"wpbc_nonceCALCULATE_THE_COST1\" name=\"wpbc_nonceCALCULATE_THE_COST1\" value=\"f8406f8f45\" \/><input type=\"hidden\" name=\"_wp_http_referer\" value=\"\/index.php\/wp-json\/wp\/v2\/pages\/380\" \/><\/form><\/div><div id=\"booking_form_garbage1\" class=\"booking_form_garbage\"><\/div><script type=\"text\/javascript\"> (function() { var a = setInterval( function() {  if ( ( 'undefined' === typeof _wpbc ) || ( 'undefined' === typeof jQuery ) || ! window.jQuery ) { return; } clearInterval( a ); jQuery( document ).ready( function (){ jQuery(\".widget_wpdev_booking .booking_form.form-horizontal\").removeClass(\"form-horizontal\");\n                                    var visible_calendars_count = _wpbc.get_other_param( \"calendars__on_this_page\" ).length;\n                                    if (visible_calendars_count !== null ) {\n                                        for (var i=0;i< visible_calendars_count ;i++){\n                                          if ( _wpbc.get_other_param( \"calendars__on_this_page\" )[i] === 1 ) {\n                                              document.getElementById(\"form_id1020246436384\").innerHTML = \"<span style='color:#A00;font-size:10px;'>Warning! Booking calendar for this booking resource are already at the page, please check more about this issue at this page: https:\/\/wpbookingcalendar.com\/faq\/why-the-booking-calendar-widget-not-show-on-page\/<\/span>\";                                                                                                  \n                                              jQuery(\"#form_id1020246436384\").animate( {opacity: 1}, 10000 ).fadeOut(5000);\n                                              return;\n                                          }\n                                        }\n                                        _wpbc.get_other_param( \"calendars__on_this_page\" )[ visible_calendars_count ]=1;\n                                    } } ); }, 500 ); })();<\/script> <script type=\"text\/javascript\"> (function() { var a = setInterval( function() {  if ( ( 'undefined' === typeof _wpbc ) || ( 'undefined' === typeof jQuery ) || ! window.jQuery ) { return; } clearInterval( a ); jQuery( document ).ready( function (){ _wpbc.balancer__set_max_threads( 1 );  _wpbc.calendar__set_param_value( 1 , 'calendar_scroll_to' , false );  _wpbc.calendar__set_param_value( 1 , 'booking_max_monthes_in_calendar' , '1y' );  _wpbc.calendar__set_param_value( 1 , 'booking_start_day_weeek' , '1' );  _wpbc.calendar__set_param_value( 1 , 'calendar_number_of_months' , '1' );   _wpbc.calendar__set_param_value( 1, 'days_select_mode', 'multiple' );   _wpbc.calendar__set_param_value( 1, 'fixed__days_num', 0 );   _wpbc.calendar__set_param_value( 1, 'fixed__week_days__start',   [] );   _wpbc.calendar__set_param_value( 1, 'dynamic__days_min', 0 );   _wpbc.calendar__set_param_value( 1, 'dynamic__days_max', 0 );   _wpbc.calendar__set_param_value( 1, 'dynamic__days_specific',    [] );   _wpbc.calendar__set_param_value( 1, 'dynamic__week_days__start', [] );   _wpbc.calendar__set_param_value( 1, 'booking_date_format', 'j F, Y' );   _wpbc.calendar__set_param_value( 1, 'booking_time_format', '' );   if ( 'function' === typeof ( wpbc__conditions__SAVE_INITIAL__days_selection_params__bm ) ){ wpbc__conditions__SAVE_INITIAL__days_selection_params__bm( 1 ); }   wpbc_calendar_show( '1' );   _wpbc.set_secure_param( 'nonce',   '834d001ccb' );   _wpbc.set_secure_param( 'user_id', '0' );   _wpbc.set_secure_param( 'locale',  'sv_SE' );  wpbc_calendar__load_data__ajx( {\"resource_id\":1,\"booking_hash\":\"\",\"request_uri\":\"\\\/index.php\\\/wp-json\\\/wp\\\/v2\\\/pages\\\/380\",\"custom_form\":\"standard\",\"aggregate_resource_id_str\":\"\",\"aggregate_type\":\"all\"} ); } ); }, 500 ); })();<\/script>\n","protected":false},"excerpt":{"rendered":"<p>H\u00e4r har du som medlem m\u00f6jlighet att boka f\u00f6reningens\u00a0gemensamma g\u00e4strum i B-huset f\u00f6r \u00f6vernattning. 2026-02-17: bokning av \u00f6vernattningsrummet \u00e4r \u00e5terigen m\u00f6jlig. D\u00e5 det f\u00f6rekommit m\u00f6gel i lokalen ber vi samtliga bes\u00f6kare vara uppm\u00e4rksamma p\u00e5 om ytterligare fuktskador p\u00e5tr\u00e4ffas. Om nya<\/p>\n","protected":false},"author":7,"featured_media":0,"parent":0,"menu_order":5,"comment_status":"closed","ping_status":"closed","template":"","meta":{"footnotes":""},"class_list":["post-380","page","type-page","status-publish","hentry"],"_links":{"self":[{"href":"https:\/\/www.kullasund.se\/index.php\/wp-json\/wp\/v2\/pages\/380","targetHints":{"allow":["GET"]}}],"collection":[{"href":"https:\/\/www.kullasund.se\/index.php\/wp-json\/wp\/v2\/pages"}],"about":[{"href":"https:\/\/www.kullasund.se\/index.php\/wp-json\/wp\/v2\/types\/page"}],"author":[{"embeddable":true,"href":"https:\/\/www.kullasund.se\/index.php\/wp-json\/wp\/v2\/users\/7"}],"replies":[{"embeddable":true,"href":"https:\/\/www.kullasund.se\/index.php\/wp-json\/wp\/v2\/comments?post=380"}],"version-history":[{"count":31,"href":"https:\/\/www.kullasund.se\/index.php\/wp-json\/wp\/v2\/pages\/380\/revisions"}],"predecessor-version":[{"id":1280,"href":"https:\/\/www.kullasund.se\/index.php\/wp-json\/wp\/v2\/pages\/380\/revisions\/1280"}],"wp:attachment":[{"href":"https:\/\/www.kullasund.se\/index.php\/wp-json\/wp\/v2\/media?parent=380"}],"curies":[{"name":"wp","href":"https:\/\/api.w.org\/{rel}","templated":true}]}}