{"id":1014,"date":"2020-02-01T15:47:49","date_gmt":"2020-02-01T15:47:49","guid":{"rendered":"http:\/\/www.kullasund.se\/index.php\/?page_id=1014"},"modified":"2020-02-01T15:47:51","modified_gmt":"2020-02-01T15:47:51","slug":"trivselregler","status":"publish","type":"page","link":"https:\/\/www.kullasund.se\/index.php\/trivselregler\/","title":{"rendered":"Trivselregler"},"content":{"rendered":"\n<p><strong>f\u00f6r Bostadsr\u00e4ttsf\u00f6reningen Kullasund i Vaxholm<\/strong><\/p>\n\n\n\n<p>________________________________________________________ <\/p>\n\n\n\n<p>Det h\u00e4r b\u00f6r du veta\nom f\u00f6reningens trivselregler!<\/p>\n\n\n\n<h2 class=\"wp-block-heading\">Ansvar f\u00f6r trivsel&nbsp; <\/h2>\n\n\n\n<p>Styrelsens uppgift \u00e4r att ta hand om den l\u00f6pande f\u00f6rvaltningen av\nf\u00f6reningen och verkst\u00e4lla de beslut som f\u00f6reningsst\u00e4mman fattar. I den l\u00f6pande f\u00f6rvaltningen\ning\u00e5r ocks\u00e5 trivselfr\u00e5gorna. <\/p>\n\n\n\n<p>Detta inneb\u00e4r att styrelsen har ansvaret f\u00f6r att det \u00e4r trivsel, ordning\noch reda b\u00e5de i och utanf\u00f6r huset\/husen. Alla \u00e4r i princip skyldiga att r\u00e4tta\nsig efter trivselreglerna. Att bo i bostadsr\u00e4tt inneb\u00e4r ett gemensamt ansvar.\nSom medlem i f\u00f6reningen har du inte bara r\u00e4tten till en bostad i f\u00f6reningens\nhus utan du har ocks\u00e5 skyldigheter mot f\u00f6reningen och \u00f6vriga medlemmar! <\/p>\n\n\n\n<h2 class=\"wp-block-heading\">F\u00f6r vem g\u00e4ller reglerna<\/h2>\n\n\n\n<p>Trivselreglerna\ng\u00e4ller inte bara dig som bostadsr\u00e4ttshavare. \u00c4ven familjemedlemmar omfattas\nliksom g\u00e4ster, inneboende eller hantverkare som utf\u00f6r arbete \u00e5t dig i\nl\u00e4genheten. Trivselreglerna g\u00e4ller ocks\u00e5 f\u00f6r andrahandshyresg\u00e4ster. Om\nf\u00f6reningen har egna hyresg\u00e4ster g\u00e4ller reglerna \u00e4ven dem. <\/p>\n\n\n\n<h2 class=\"wp-block-heading\">Vad h\u00e4nder om trivselreglerna inte f\u00f6ljs<\/h2>\n\n\n\n<p>Om trivselreglerna\ninte f\u00f6ljs kan styrelsen i allvarligare fall ifr\u00e5gas\u00e4tta om du skall f\u00e5 bo\nkvar. F\u00f6rseelser som \u00e4r av liten betydelse f\u00f6r f\u00f6reningen och \u00f6vriga medlemmar\nkan inte leda till upps\u00e4gning. <\/p>\n\n\n\n<p>F\u00f6rst m\u00e5ste\nstyrelsen anmana den som bryter mot reglerna att f\u00f6lja dessa. D\u00e4refter och om\nmedlemmen eller hyresg\u00e4sten trots anmaningen inte f\u00f6ljer reglerna kan det blir\nfr\u00e5ga om upps\u00e4gning.<\/p>\n\n\n\n<h2 class=\"wp-block-heading\">Har du fr\u00e5gor?<\/h2>\n\n\n\n<p>Har du funderingar\n\u00f6ver n\u00e5got som tas upp i dessa regler \u00e4r du alltid v\u00e4lkommen att kontakta\nstyrelsen.<strong><br \/>\n<\/strong><\/p>\n\n\n\n<h3 class=\"wp-block-heading\">1.&nbsp;&nbsp;&nbsp;\nOm allm\u00e4n aktsamhet<\/h3>\n\n\n\n<p>a) T\u00e4nk p\u00e5 att vara\nr\u00e4dd om och v\u00e4l v\u00e5rda f\u00f6reningens egendom. Kostnader f\u00f6r underh\u00e5ll och\nreparationer betalas av alla gemensamt. <\/p>\n\n\n\n<p>b) Om akut skada\nintr\u00e4ffar i huset tag i f\u00f6rsta hand kontakt med n\u00e5gon i styrelsen eller\nfastighetssk\u00f6tarfirman enligt anslag i porten.&nbsp;\n<\/p>\n\n\n\n<h3 class=\"wp-block-heading\">2.&nbsp;&nbsp;&nbsp;\nOm s\u00e4kerhet <\/h3>\n\n\n\n<ol class=\"wp-block-list\"><li>Kontrollera att ytterporten i fastigheten\ng\u00e5r i l\u00e5s efter in- och utpassering.<\/li><li>Sl\u00e4pp inte in n\u00e5gon ok\u00e4nd person i fastigheten.\n<\/li><li>L\u00e4mna inte vinds- eller k\u00e4llard\u00f6rrar ol\u00e5sta.<\/li><li>Var f\u00f6rsiktig med eld.<\/li><li>Din l\u00e4genhet ska vara utrustad med\nbrandvarnare.<\/li><li>Meddela\ngrannar eller styrelsen om du \u00e4r bortrest under en l\u00e4ngre tid.<\/li><\/ol>\n\n\n\n<h3 class=\"wp-block-heading\">3.&nbsp;&nbsp;&nbsp;\nOm gemensamma kostnader<\/h3>\n\n\n\n<p>Var sparsam vid\nvarmvattenf\u00f6rbrukning och l\u00e4mna inte vatten rinnande i on\u00f6dan. Var ocks\u00e5\nsparsam med el i fastighetens gemensamma utrymmen. Byt kranpackning n\u00e4r vatten\nst\u00e5r och droppar. Kostnader f\u00f6r vatten och el betalas av alla\nbostadsr\u00e4ttshavare gemensamt.<\/p>\n\n\n\n<h3 class=\"wp-block-heading\">4.&nbsp;&nbsp;&nbsp;\nBalkonger, altaner flerfamiljshusen<\/h3>\n\n\n\n<p>Balkonger\/altaner\nf\u00e5r inte anv\u00e4ndas f\u00f6r<\/p>\n\n\n\n<ol class=\"wp-block-list\"><li>permanent f\u00f6rvaring av f\u00f6rem\u00e5l som inte h\u00f6r\ntill normal balkongm\u00f6blering.<\/li><li>grillning, om inte n\u00e4rboende grannar gett\nsitt samtycke. Av brands\u00e4kerhetssk\u00e4l f\u00e5r endast elgrill anv\u00e4ndas.<\/li><li>Placera bloml\u00e5dor innanf\u00f6r balkongr\u00e4cket.<\/li><\/ol>\n\n\n\n<p>Se till att\nbalkong-\/altand\u00f6rr \u00e4r ordentligt st\u00e4ngd f\u00f6r att undvika att vatten tr\u00e4nger in\nvid kraftig nederb\u00f6rd och\/eller sn\u00f6sm\u00e4ltning.<\/p>\n\n\n\n<p>F\u00f6r inglasning av\nbalkong kr\u00e4vs tillst\u00e5nd av f\u00f6reningen samt bygglov.<\/p>\n\n\n\n<p>&nbsp;&nbsp;&nbsp;&nbsp;&nbsp;&nbsp;&nbsp; <strong>Balkonger,\naltaner parhusen<\/strong><\/p>\n\n\n\n<ul class=\"wp-block-list\"><li>F\u00f6rg\u00e5rdsmark med entr\u00e9g\u00e5ngar och uteplatser\nansvaras och sk\u00f6ts av respektive l\u00e4genhets-havare. (F\u00f6rg\u00e5rdsmark \u00e4r tomtmarken\nsom avgr\u00e4nsas av en linje mitt emellan parhusen och en linje mitt i husen med\nen str\u00e4ckning till n\u00e4rmaste v\u00e4g eller till f\u00f6reningens tomtgr\u00e4ns).<\/li><li>Det \u00e4r styrelsens ambition att beh\u00e5lla\navgr\u00e4nsningar s\u00e5som staket, plank och bloml\u00e5dor i ursprungligt skick.<\/li><li>Alla \u00f6nskem\u00e5l om f\u00f6r\u00e4ndringar vad g\u00e4ller\navgr\u00e4nsningar, kommuniceras med styrelsen. <\/li><\/ul>\n\n\n\n<h3 class=\"wp-block-heading\">5.&nbsp;&nbsp;&nbsp;\nMatning av f\u00e5glar<\/h3>\n\n\n\n<p>Matning av f\u00e5glar\n\u00e4r inte till\u00e5ten inom fastigheten p\u00e5 grund av att matrester riskerar att locka\ntill sig r\u00e5ttor eller andra skadedjur.<\/p>\n\n\n\n<h3 class=\"wp-block-heading\">6.&nbsp;&nbsp;&nbsp;\nTv\u00e4ttstuga, endast f\u00f6r flerfamiljshusen<\/h3>\n\n\n\n<p>F\u00f6reningen har totalt\n2 st. tv\u00e4ttstugor, bel\u00e4gna i Kullasundsv\u00e4gen\n1 och 39. Bokningsschema och s\u00e4rskilda ordningsregler finns anslagna i\ntv\u00e4ttstugan.&nbsp; <\/p>\n\n\n\n<p>OBS! Mattor f\u00e5r\ninte f\u00e5r tv\u00e4ttas i tv\u00e4ttmaskiner avsedda f\u00f6r hush\u00e5llstv\u00e4tt. <\/p>\n\n\n\n<h3 class=\"wp-block-heading\">7.&nbsp;&nbsp;&nbsp;\nCyklar, mopeder, barnvagnar, rullatorer<\/h3>\n\n\n\n<p>Cyklar och mopeder\nska f\u00f6rvaras i cykelrummet \/p\u00e5 g\u00e5rden\/ i cykelst\u00e4llet och inte st\u00e4llas utanf\u00f6r\nporten. Barnvagnar och rullatorer f\u00e5r inte placeras i entr\u00e9n. <\/p>\n\n\n\n<h3 class=\"wp-block-heading\">8.&nbsp;&nbsp;&nbsp;\nG\u00e5rden<\/h3>\n\n\n\n<ol class=\"wp-block-list\"><li>F\u00f6r\u00e4ldrar ansvarar f\u00f6r att barnens leksaker,\ncyklar mm samlas ihop efter dagens slut och l\u00e4mnas p\u00e5 anvisad\nf\u00f6rvaringsplats.&nbsp; <\/li><li>Marschaller ska placeras s\u00e5 att de inte ger\nupphov till sotfl\u00e4ckar eller p\u00e5 annat s\u00e4tt skadar fasaden. Tag sj\u00e4lv bort\nutbrunna marschallburkar, eventuella stearin- och sotfl\u00e4ckar.<\/li><\/ol>\n\n\n\n<h3 class=\"wp-block-heading\">9.&nbsp;&nbsp;&nbsp;\nAvfallshantering, elavfall, kemiska produkter<\/h3>\n\n\n\n<ol class=\"wp-block-list\"><li>Sopp\u00e5sar f\u00e5r ej st\u00e4llas i trapphuset<\/li><li>F\u00f6reningen k\u00e4llsorterar avfallet; markerade\nk\u00e4rl f\u00f6r olika avfallsprodukter finns placerade i soprummet\/k\u00e4llaren. V\u00e4nligen\nrespektera indelningsordningen av milj\u00f6h\u00e4nsyn.<\/li><\/ol>\n\n\n\n<h3 class=\"wp-block-heading\">10.&nbsp;&nbsp;&nbsp;&nbsp;&nbsp;&nbsp;&nbsp;&nbsp;&nbsp;&nbsp;&nbsp;&nbsp;&nbsp;\nK\u00e4llare och vind, flerfamiljshusen<\/h3>\n\n\n\n<p>P\u00e5 vind och i\nk\u00e4llare f\u00e5r f\u00f6rvaras personliga tillh\u00f6righeter endast i avsedd f\u00f6rr\u00e5d. G\u00e5ngarna\nska h\u00e5llas fria fr\u00e5n saker och f\u00e5r inte belamras. Undvik att f\u00f6rvara\nst\u00f6ldbeg\u00e4rlig egendom p\u00e5 vind och i k\u00e4llare.&nbsp;\n<\/p>\n\n\n\n<h3 class=\"wp-block-heading\">11.&nbsp;&nbsp;&nbsp;&nbsp;&nbsp;&nbsp;&nbsp;&nbsp;&nbsp;&nbsp;&nbsp;&nbsp;&nbsp;\nK\u00e4llare och vind, parhusen<\/h3>\n\n\n\n<p>Parhusvindarna\u00e4r fr\u00e4mst till f\u00f6r husens fl\u00e4ktsystem.<\/p>\n\n\n\n<p>Enligt uppl\u00e5telseavtalen ing\u00e5r inte radhusens\n\u201dvind\u201d i bostadsr\u00e4tten. Vindarna kan d\u00e4rf\u00f6r inte disponeras fritt av\nbostadsr\u00e4ttshavaren.<\/p>\n\n\n\n<p>De f\u00e5r s\u00e5ledes inte isoleras eller p\u00e5 annat s\u00e4tt\nomvandlas f\u00f6r att utnyttjas till annat utrymme \u00e4n vad som ursprungligen\navsetts.<\/p>\n\n\n\n<p>Det har emellertid framkommit att m\u00e5nga har\ninstallerat en taklucka till vinden, vilket f\u00f6ranlett styrelsen att ur fr\u00e4mst\nbrands\u00e4kerhetssynpunkt l\u00e5ta inspektera vindarna och takluckorna. <\/p>\n\n\n\n<p>Takluckor f\u00e5r inte byggas\/installeras av\nbostadsr\u00e4ttshavaren utan skriftligt samtycke fr\u00e5n styrelsen. Samma g\u00e4ller alla\nandra \u00e5tg\u00e4rder utanf\u00f6r den l\u00e4genhet som uppl\u00e5tits med bostadsr\u00e4tt enligt det\nursprungliga uppl\u00e5telseavtalet.<\/p>\n\n\n\n<h3 class=\"wp-block-heading\">12.&nbsp;&nbsp;&nbsp;&nbsp;&nbsp;&nbsp;&nbsp;&nbsp;&nbsp;&nbsp;&nbsp;&nbsp;&nbsp;\nParabolantenn<\/h3>\n\n\n\n<p>Det \u00e4r inte\ntill\u00e5tet att utan styrelsens tillst\u00e5nd s\u00e4tta upp parabolantenn eller annan\nutomhusantenn p\u00e5 fasad eller balkongr\u00e4cke.<\/p>\n\n\n\n<h3 class=\"wp-block-heading\">13.&nbsp;&nbsp;&nbsp;&nbsp;&nbsp;&nbsp;&nbsp;&nbsp;&nbsp;&nbsp;&nbsp;&nbsp;&nbsp;\nHusdjur<\/h3>\n\n\n\n<p>Innehavare av\nhusdjur ska \u00f6vervaka att dessa inte st\u00f6r eller f\u00f6rorenar i fastigheten och inte\nheller rastas i planteringar eller p\u00e5 barnens lekytor. Plocka upp djurets\nspillning.<strong><br \/>\n<\/strong><\/p>\n\n\n\n<h3 class=\"wp-block-heading\">14.&nbsp;&nbsp;&nbsp;&nbsp;&nbsp;&nbsp;&nbsp;&nbsp;&nbsp;&nbsp;&nbsp;&nbsp;&nbsp;\nSt\u00f6rningar<\/h3>\n\n\n\n<p>F\u00f6r att alla ska\ntrivas \u00e4r det viktigt att man inte st\u00f6rs av omkringboende. Alla boende \u00e4r skyldiga\natt visa h\u00e4nsyn. Lagen ser str\u00e4ngt p\u00e5 st\u00f6rningar! Den som st\u00f6r och inte r\u00e4ttar\nsig efter tills\u00e4gelse fr\u00e5n styrelsen kan i allvarligare fall komma att bli\nuppsagd fr\u00e5n l\u00e4genheten. Skyldigheten g\u00e4ller i l\u00e4genheten men ocks\u00e5 i\ngemensamma utrymmen som till exempel i trapphus, hiss och tv\u00e4ttstuga.<\/p>\n\n\n\n<p>Reglerna g\u00e4ller\ndygnet runt men \u00e4r extra angel\u00e4gna att f\u00f6lja vardagar fr\u00e5n kl. 22 p\u00e5 kv\u00e4llen\ntill kl. 7 p\u00e5 morgonen. Man b\u00f6r d\u00e4rf\u00f6r undvika att k\u00f6ra tv\u00e4tt- och diskmaskiner\nunder denna tid. Har du fest s\u00e5 informera g\u00e4rna grannarna i god tid innan om du\ntror att det kommer att st\u00f6ra.<\/p>\n\n\n\n<h3 class=\"wp-block-heading\">15.&nbsp;&nbsp;&nbsp;&nbsp;&nbsp;&nbsp;&nbsp;&nbsp;&nbsp;&nbsp;&nbsp;&nbsp;&nbsp;\nAndrahandsuthyrning <\/h3>\n\n\n\n<p>Uthyrning i andra\nhand kr\u00e4ver styrelsens till\u00e5telse. Beg\u00e4ran om till\u00e5telse ska vara skriftlig och\ninneh\u00e5lla sk\u00e4let f\u00f6r beg\u00e4ran, tidsperiod och vem som ska hyra l\u00e4genheten. <\/p>\n\n\n\n<h3 class=\"wp-block-heading\">16.&nbsp;&nbsp;&nbsp;&nbsp;&nbsp;&nbsp;&nbsp;&nbsp;&nbsp;&nbsp;&nbsp;&nbsp;&nbsp;\nL\u00e4genhetsunderh\u00e5ll <\/h3>\n\n\n\n<p>Bostadsr\u00e4ttshavare\nansvarar f\u00f6r att underh\u00e5lla l\u00e4genheten. Vad som ing\u00e5r i l\u00e4genheten och som ska\nunderh\u00e5llas framg\u00e5r av f\u00f6reningens stadgar. Till l\u00e4genheten r\u00e4knas normalt\nl\u00e4genhetens golv, v\u00e4ggar och tak, inredning i k\u00f6k och badrum, glas och b\u00e5gar i\nf\u00f6nster samt inner- och ytterd\u00f6rrar. Om n\u00e5got g\u00e5r s\u00f6nder m\u00e5ste du se till att\ndet repareras. <\/p>\n\n\n\n<p>Det \u00e4r s\u00e4rskilt\nviktigt att du har uppsikt \u00f6ver l\u00e4genhetens v\u00e5tutrymmen. L\u00e4ckageskador kostar\nstora pengar och leder i allm\u00e4nhet till stort obehag f\u00f6r den som drabbas.<\/p>\n\n\n\n<p>En s\u00e4rskild\nbostadsr\u00e4ttsf\u00f6rs\u00e4kring kan vara ett bra skydd om olyckan \u00e4r framme. <\/p>\n\n\n\n<h3 class=\"wp-block-heading\">17.&nbsp;&nbsp;&nbsp;&nbsp;&nbsp;&nbsp;&nbsp;&nbsp;&nbsp;&nbsp;&nbsp;&nbsp;&nbsp;\nF\u00f6r\u00e4ndringar i l\u00e4genheten&nbsp; <\/h3>\n\n\n\n<p>Mindre f\u00f6r\u00e4ndringar\nf\u00e5r g\u00f6ras i l\u00e4genheten. Du f\u00e5r till exempel l\u00e4gga nya golv, s\u00e4tta upp nya sk\u00e5p\neller byta ut vitvaror i k\u00f6ket. Mer omfattande f\u00f6r\u00e4ndringar kr\u00e4ver dock\nstyrelsens tillst\u00e5nd, exempelvis om du vill ta ner en v\u00e4gg, dra nya r\u00f6r i k\u00f6k\noch badrum. Ibland kan det ocks\u00e5 beh\u00f6vas bygganm\u00e4lan f\u00f6r att utf\u00f6ra vissa\n\u00e5tg\u00e4rder i l\u00e4genheten. Blankett g\u00e4llande ans\u00f6kan om lov finns p\u00e5 hemsidan. <strong>Kontakta alltid styrelsen innan du s\u00e4tter\nig\u00e5ng! <\/strong>T\u00e4nk ocks\u00e5 p\u00e5 att ta h\u00e4nsyn till de omkringboende n\u00e4r du utf\u00f6r\nbullerst\u00f6rande arbeten i l\u00e4genheten. Dessa b\u00f6r i f\u00f6rsta hand utf\u00f6ras under\ndagtid.&nbsp; <\/p>\n\n\n\n<h3 class=\"wp-block-heading\"><a>18.&nbsp;&nbsp;&nbsp;&nbsp;&nbsp;&nbsp;&nbsp;&nbsp;&nbsp;&nbsp;&nbsp;&nbsp;&nbsp;\nBrands\u00e4kerhet och utrymning<\/a><\/h3>\n\n\n\n<p>F\u00f6r att minimera\nrisken f\u00f6r anlagd brand och skapa bra f\u00f6ruts\u00e4ttningar f\u00f6r utrymning \u00e4r det\nviktigt att gemensamma utrymmen h\u00e5lls fria och d\u00f6rrar mellan brandceller h\u00e5lls\nst\u00e4ngda. Kom ih\u00e5g att trapphuset \u00e4r din utrymningsv\u00e4g och att utrymning i ett\nr\u00f6kfyllt trapphus under stress v\u00e4sentligt f\u00f6rsv\u00e5ras om det st\u00e5r m\u00f6bler,\nbarnvagnar med mera i v\u00e4gen.<\/p>\n\n\n\n<h3 class=\"wp-block-heading\">19.&nbsp;&nbsp;&nbsp;&nbsp;&nbsp;&nbsp;&nbsp;&nbsp;&nbsp;&nbsp;&nbsp;&nbsp;&nbsp;\nOm du t\u00e4nker flytta <\/h3>\n\n\n\n<p>Fr\u00e5ga styrelsen\nvilka rutiner som g\u00e4ller vid \u00f6verl\u00e5telse. T\u00e4nk p\u00e5 att den som \u00f6vertar din\nl\u00e4genhet ocks\u00e5 ska godk\u00e4nnas som medlem i f\u00f6reningen innan inflyttning f\u00e5r \u00e4ga\nrum. Tag d\u00e4rf\u00f6r reda p\u00e5 vad som kr\u00e4vs f\u00f6r att f\u00e5 medlemskap. Tillsammans med en\nans\u00f6kan om medlemskap ska \u00e4ven ett exemplar av \u00f6verl\u00e5telseavtalet l\u00e4mnas till\nstyrelsen. <\/p>\n\n\n\n<p>L\u00e4mna g\u00e4rna kvar\ndessa ordningsregler till den som \u00f6vertar din l\u00e4genhet!<\/p>\n\n\n\n<p>Ut\u00f6ver dessa\ntrivselregler g\u00e4ller f\u00f6reningens stadgar.<\/p>\n","protected":false},"excerpt":{"rendered":"<p>f\u00f6r Bostadsr\u00e4ttsf\u00f6reningen Kullasund i Vaxholm ________________________________________________________ Det h\u00e4r b\u00f6r du veta om f\u00f6reningens trivselregler! Ansvar f\u00f6r trivsel&nbsp; Styrelsens uppgift \u00e4r att ta hand om den l\u00f6pande f\u00f6rvaltningen av f\u00f6reningen och verkst\u00e4lla de beslut som f\u00f6reningsst\u00e4mman fattar. I den l\u00f6pande f\u00f6rvaltningen<\/p>\n","protected":false},"author":7,"featured_media":0,"parent":0,"menu_order":0,"comment_status":"closed","ping_status":"closed","template":"","meta":{"footnotes":""},"class_list":["post-1014","page","type-page","status-publish","hentry"],"_links":{"self":[{"href":"https:\/\/www.kullasund.se\/index.php\/wp-json\/wp\/v2\/pages\/1014","targetHints":{"allow":["GET"]}}],"collection":[{"href":"https:\/\/www.kullasund.se\/index.php\/wp-json\/wp\/v2\/pages"}],"about":[{"href":"https:\/\/www.kullasund.se\/index.php\/wp-json\/wp\/v2\/types\/page"}],"author":[{"embeddable":true,"href":"https:\/\/www.kullasund.se\/index.php\/wp-json\/wp\/v2\/users\/7"}],"replies":[{"embeddable":true,"href":"https:\/\/www.kullasund.se\/index.php\/wp-json\/wp\/v2\/comments?post=1014"}],"version-history":[{"count":1,"href":"https:\/\/www.kullasund.se\/index.php\/wp-json\/wp\/v2\/pages\/1014\/revisions"}],"predecessor-version":[{"id":1015,"href":"https:\/\/www.kullasund.se\/index.php\/wp-json\/wp\/v2\/pages\/1014\/revisions\/1015"}],"wp:attachment":[{"href":"https:\/\/www.kullasund.se\/index.php\/wp-json\/wp\/v2\/media?parent=1014"}],"curies":[{"name":"wp","href":"https:\/\/api.w.org\/{rel}","templated":true}]}}